{"id":666,"date":"2019-09-28T18:16:17","date_gmt":"2019-09-28T16:16:17","guid":{"rendered":"https:\/\/brookskiado.hu\/?post_type=product&#038;p=666"},"modified":"2026-02-16T10:17:13","modified_gmt":"2026-02-16T09:17:13","slug":"amnezia-trilogia-csomag","status":"publish","type":"product","link":"https:\/\/duncanshelley.com\/en\/product\/amnezia-trilogia-csomag\/","title":{"rendered":"Duncan Shelley: Amn\u00e9zia tril\u00f3gia csomag"},"content":{"rendered":"<p><strong>Az Amn\u00e9zia tril\u00f3gia csomag tartalma:<\/strong><\/p>\n<ol>\n<li><a href=\"https:\/\/duncanshelley.com\/en\/product\/duncan-shelley-amnezia-i\/\" target=\"_blank\" rel=\"noopener\">Elveszett m\u00falt<\/a><\/li>\n<li><a href=\"https:\/\/duncanshelley.com\/en\/product\/duncan-shelley-amnezia-ii\/\" target=\"_blank\" rel=\"noopener\">Fagypont<\/a><\/li>\n<li><a href=\"https:\/\/duncanshelley.com\/en\/product\/duncan-shelley-amnezia-iii\/\" target=\"_blank\" rel=\"noopener\">A rejt\u0151zk\u00f6d\u0151<\/a><\/li>\n<\/ol>","protected":false},"excerpt":{"rendered":"<p><strong>Elveszett m\u00falt<\/strong><br \/>\nA tril\u00f3gia els\u0151 k\u00f6tete<br \/>\n<strong>M\u0171faj<\/strong>: sci-fi<br \/>\n<strong>Oldalsz\u00e1m<\/strong>: 336<br \/>\n<strong>Kiad\u00e1s<\/strong> <strong>\u00e9ve<\/strong>: 2014<\/p>\n<p>\u00d6t ember \u00e9bred egy b\u00f6rt\u00f6ncell\u00e1ban. Nem eml\u00e9keznek semmire, m\u00e9g a nev\u00fckre sem. Pr\u00f3b\u00e1lnak r\u00e1j\u00f6nni, mi t\u00f6rt\u00e9nt, kik \u0151k, hogyan ker\u00fcltek ide. Feltev\u00e9seik rendre megc\u00e1fol\u00e1sra ker\u00fclnek. V\u00e9g\u00fcl r\u00e1j\u00f6nnek, hogy magukat z\u00e1rt\u00e1k be.<\/p>\n<p>Odakinn borzalmas dolgokat tal\u00e1lnak, mintha h\u00e1bor\u00fa lett volna. A nyomokat elemezve pr\u00f3b\u00e1lj\u00e1k \u00f6sszerakni a mozaikdarabk\u00e1kat.<\/p>\n<p>A nyolcadik napon ugyanaz az \u00f6t ember fel\u00e9bred valahol a vil\u00e1gban. Nem eml\u00e9keznek semmire, m\u00e9g a nev\u00fckre sem. A nyomok alapj\u00e1n pr\u00f3b\u00e1lj\u00e1k kital\u00e1lni, mi t\u00f6rt\u00e9nik, kik \u0151k, mi lett a vil\u00e1ggal.<\/p>\n<p>Valamilyen ok miatt nyolcnaponta az eg\u00e9sz emberis\u00e9g elvesz\u00edti minden eml\u00e9k\u00e9t.<\/p>\n<p>Hogyan lehet \u00edgy \u00e9lni? Mib\u0151l ered az azonoss\u00e1gtudat? Hogyan tarthat\u00f3 m\u0171k\u00f6d\u00e9sben a vil\u00e1g?<\/p>\n<p>Mivel kezd\u0151d\u00f6tt ez az \u0151r\u00fclet? Mi ind\u00edtotta el? Vagy ink\u00e1bb ki? Vissza lehet csin\u00e1lni? Vajon akarunk mindenre eml\u00e9kezni?<\/p>\n<p><strong>Fagypont<br \/>\n<\/strong>A tril\u00f3gia m\u00e1sodik k\u00f6tete<br \/>\n<strong>M\u0171faj<\/strong>: sci-fi<br \/>\n<strong>Oldalsz\u00e1m<\/strong>: 300<br \/>\n<strong>Kiad\u00e1s<\/strong> <strong>\u00e9ve<\/strong>: 2015<\/p>\n<p>A tril\u00f3gia els\u0151 r\u00e9sz\u00e9nek folytat\u00e1sa. Akinek tetszett Az elveszett m\u00falt, annak k\u00f6telez\u0151 olvasm\u00e1ny!<\/p>\n<p><strong>A rejt\u0151zk\u00f6d\u0151<br \/>\n<\/strong>A tril\u00f3gia harmadik k\u00f6tete<br \/>\n<strong>M\u0171faj<\/strong>: sci-fi<br \/>\n<strong>Oldalsz\u00e1m<\/strong>: 360<br \/>\n<strong>Kiad\u00e1s<\/strong> <strong>\u00e9ve<\/strong>: 2014<\/p>\n<p>A tril\u00f3gia m\u00e1sodik r\u00e9sz\u00e9nek folytat\u00e1sa. Akinek tetszett a Fagypont, annak k\u00f6telez\u0151 olvasm\u00e1ny!<\/p>","protected":false},"featured_media":8622,"comment_status":"closed","ping_status":"closed","template":"","meta":{"_acf_changed":false,"_genesis_hide_title":false,"_genesis_hide_breadcrumbs":false,"_genesis_hide_singular_image":false,"_genesis_hide_footer_widgets":false,"_genesis_custom_body_class":"","_genesis_custom_post_class":"","_genesis_layout":""},"product_brand":[],"product_cat":[16],"product_tag":[],"class_list":{"0":"post-666","1":"product","2":"type-product","3":"status-publish","4":"has-post-thumbnail","6":"product_cat-thriller-konyvek","7":"entry","9":"first","10":"instock","11":"sale","12":"taxable","13":"shipping-taxable","14":"purchasable","15":"product-type-simple"},"acf":[],"yoast_head":"<!-- This site is optimized with the Yoast SEO Premium plugin v27.4 (Yoast SEO v27.4) - https:\/\/yoast.com\/product\/yoast-seo-premium-wordpress\/ -->\n<title>Duncan Shelley: Amn\u00e9zia tril\u00f3gia csomag - Duncan Shelley K\u00f6nyvesbolt<\/title>\n<meta name=\"description\" content=\"Az Amn\u00e9zia tril\u00f3gia k\u00f6teteiben \u00f6t ember \u00e9bred egy b\u00f6rt\u00f6ncell\u00e1ban. Nem eml\u00e9keznek semmire, m\u00e9g a nev\u00fckre sem. Vajon mi t\u00f6rt\u00e9nhetett?\" \/>\n<meta name=\"robots\" content=\"index, follow, max-snippet:-1, max-image-preview:large, max-video-preview:-1\" \/>\n<link rel=\"canonical\" href=\"https:\/\/duncanshelley.com\/en\/product\/amnezia-trilogia-csomag\/\" \/>\n<meta property=\"og:locale\" content=\"en_US\" \/>\n<meta property=\"og:type\" content=\"article\" \/>\n<meta property=\"og:title\" content=\"Duncan Shelley: Amn\u00e9zia tril\u00f3gia csomag\" \/>\n<meta property=\"og:description\" content=\"Az Amn\u00e9zia tril\u00f3gia k\u00f6teteiben \u00f6t ember \u00e9bred egy b\u00f6rt\u00f6ncell\u00e1ban. Nem eml\u00e9keznek semmire, m\u00e9g a nev\u00fckre sem. Vajon mi t\u00f6rt\u00e9nhetett?\" \/>\n<meta property=\"og:url\" content=\"https:\/\/duncanshelley.com\/en\/product\/amnezia-trilogia-csomag\/\" \/>\n<meta property=\"og:site_name\" content=\"Duncan Shelley K\u00f6nyvesbolt\" \/>\n<meta property=\"article:modified_time\" content=\"2026-02-16T09:17:13+00:00\" \/>\n<meta property=\"og:image\" content=\"https:\/\/duncanshelley.com\/wp-content\/uploads\/amnezia-trilogia-2.jpg\" \/>\n\t<meta property=\"og:image:width\" content=\"300\" \/>\n\t<meta property=\"og:image:height\" content=\"475\" \/>\n\t<meta property=\"og:image:type\" content=\"image\/jpeg\" \/>\n<meta name=\"twitter:label1\" content=\"Est. reading time\" \/>\n\t<meta name=\"twitter:data1\" content=\"1 minute\" \/>\n<script type=\"application\/ld+json\" class=\"yoast-schema-graph\">{\"@context\":\"https:\\\/\\\/schema.org\",\"@graph\":[{\"@type\":\"WebPage\",\"@id\":\"https:\\\/\\\/duncanshelley.com\\\/termek\\\/amnezia-trilogia-csomag\\\/\",\"url\":\"https:\\\/\\\/duncanshelley.com\\\/termek\\\/amnezia-trilogia-csomag\\\/\",\"name\":\"Duncan Shelley: Amn\u00e9zia tril\u00f3gia csomag - Duncan Shelley K\u00f6nyvesbolt\",\"isPartOf\":{\"@id\":\"https:\\\/\\\/duncanshelley.com\\\/#website\"},\"primaryImageOfPage\":{\"@id\":\"https:\\\/\\\/duncanshelley.com\\\/termek\\\/amnezia-trilogia-csomag\\\/#primaryimage\"},\"image\":{\"@id\":\"https:\\\/\\\/duncanshelley.com\\\/termek\\\/amnezia-trilogia-csomag\\\/#primaryimage\"},\"thumbnailUrl\":\"https:\\\/\\\/duncanshelley.com\\\/wp-content\\\/uploads\\\/amnezia-trilogia-2.jpg\",\"datePublished\":\"2019-09-28T16:16:17+00:00\",\"dateModified\":\"2026-02-16T09:17:13+00:00\",\"description\":\"Az Amn\u00e9zia tril\u00f3gia k\u00f6teteiben \u00f6t ember \u00e9bred egy b\u00f6rt\u00f6ncell\u00e1ban. Nem eml\u00e9keznek semmire, m\u00e9g a nev\u00fckre sem. Vajon mi t\u00f6rt\u00e9nhetett?\",\"breadcrumb\":{\"@id\":\"https:\\\/\\\/duncanshelley.com\\\/termek\\\/amnezia-trilogia-csomag\\\/#breadcrumb\"},\"inLanguage\":\"en-US\",\"potentialAction\":[{\"@type\":\"ReadAction\",\"target\":[\"https:\\\/\\\/duncanshelley.com\\\/termek\\\/amnezia-trilogia-csomag\\\/\"]}]},{\"@type\":\"ImageObject\",\"inLanguage\":\"en-US\",\"@id\":\"https:\\\/\\\/duncanshelley.com\\\/termek\\\/amnezia-trilogia-csomag\\\/#primaryimage\",\"url\":\"https:\\\/\\\/duncanshelley.com\\\/wp-content\\\/uploads\\\/amnezia-trilogia-2.jpg\",\"contentUrl\":\"https:\\\/\\\/duncanshelley.com\\\/wp-content\\\/uploads\\\/amnezia-trilogia-2.jpg\",\"width\":300,\"height\":475,\"caption\":\"amnezia-csomag\"},{\"@type\":\"BreadcrumbList\",\"@id\":\"https:\\\/\\\/duncanshelley.com\\\/termek\\\/amnezia-trilogia-csomag\\\/#breadcrumb\",\"itemListElement\":[{\"@type\":\"ListItem\",\"position\":1,\"name\":\"Kezd\u0151lap\",\"item\":\"https:\\\/\\\/duncanshelley.com\\\/\"},{\"@type\":\"ListItem\",\"position\":2,\"name\":\"Webshop\",\"item\":\"https:\\\/\\\/duncanshelley.com\\\/webshop\\\/\"},{\"@type\":\"ListItem\",\"position\":3,\"name\":\"Duncan Shelley: Amn\u00e9zia tril\u00f3gia csomag\"}]},{\"@type\":\"WebSite\",\"@id\":\"https:\\\/\\\/duncanshelley.com\\\/#website\",\"url\":\"https:\\\/\\\/duncanshelley.com\\\/\",\"name\":\"Duncan Shelley K\u00f6nyvesbolt\",\"description\":\"\",\"potentialAction\":[{\"@type\":\"SearchAction\",\"target\":{\"@type\":\"EntryPoint\",\"urlTemplate\":\"https:\\\/\\\/duncanshelley.com\\\/?s={search_term_string}\"},\"query-input\":{\"@type\":\"PropertyValueSpecification\",\"valueRequired\":true,\"valueName\":\"search_term_string\"}}],\"inLanguage\":\"en-US\"}]}<\/script>\n<!-- \/ Yoast SEO Premium plugin. -->","yoast_head_json":{"title":"Duncan Shelley: Amn\u00e9zia tril\u00f3gia csomag - Duncan Shelley K\u00f6nyvesbolt","description":"Az Amn\u00e9zia tril\u00f3gia k\u00f6teteiben \u00f6t ember \u00e9bred egy b\u00f6rt\u00f6ncell\u00e1ban. Nem eml\u00e9keznek semmire, m\u00e9g a nev\u00fckre sem. Vajon mi t\u00f6rt\u00e9nhetett?","robots":{"index":"index","follow":"follow","max-snippet":"max-snippet:-1","max-image-preview":"max-image-preview:large","max-video-preview":"max-video-preview:-1"},"canonical":"https:\/\/duncanshelley.com\/en\/product\/amnezia-trilogia-csomag\/","og_locale":"en_US","og_type":"article","og_title":"Duncan Shelley: Amn\u00e9zia tril\u00f3gia csomag","og_description":"Az Amn\u00e9zia tril\u00f3gia k\u00f6teteiben \u00f6t ember \u00e9bred egy b\u00f6rt\u00f6ncell\u00e1ban. Nem eml\u00e9keznek semmire, m\u00e9g a nev\u00fckre sem. Vajon mi t\u00f6rt\u00e9nhetett?","og_url":"https:\/\/duncanshelley.com\/en\/product\/amnezia-trilogia-csomag\/","og_site_name":"Duncan Shelley K\u00f6nyvesbolt","article_modified_time":"2026-02-16T09:17:13+00:00","og_image":[{"width":300,"height":475,"url":"https:\/\/duncanshelley.com\/wp-content\/uploads\/amnezia-trilogia-2.jpg","type":"image\/jpeg"}],"twitter_misc":{"Est. reading time":"1 minute"},"schema":{"@context":"https:\/\/schema.org","@graph":[{"@type":"WebPage","@id":"https:\/\/duncanshelley.com\/termek\/amnezia-trilogia-csomag\/","url":"https:\/\/duncanshelley.com\/termek\/amnezia-trilogia-csomag\/","name":"Duncan Shelley: Amn\u00e9zia tril\u00f3gia csomag - Duncan Shelley K\u00f6nyvesbolt","isPartOf":{"@id":"https:\/\/duncanshelley.com\/#website"},"primaryImageOfPage":{"@id":"https:\/\/duncanshelley.com\/termek\/amnezia-trilogia-csomag\/#primaryimage"},"image":{"@id":"https:\/\/duncanshelley.com\/termek\/amnezia-trilogia-csomag\/#primaryimage"},"thumbnailUrl":"https:\/\/duncanshelley.com\/wp-content\/uploads\/amnezia-trilogia-2.jpg","datePublished":"2019-09-28T16:16:17+00:00","dateModified":"2026-02-16T09:17:13+00:00","description":"Az Amn\u00e9zia tril\u00f3gia k\u00f6teteiben \u00f6t ember \u00e9bred egy b\u00f6rt\u00f6ncell\u00e1ban. Nem eml\u00e9keznek semmire, m\u00e9g a nev\u00fckre sem. Vajon mi t\u00f6rt\u00e9nhetett?","breadcrumb":{"@id":"https:\/\/duncanshelley.com\/termek\/amnezia-trilogia-csomag\/#breadcrumb"},"inLanguage":"en-US","potentialAction":[{"@type":"ReadAction","target":["https:\/\/duncanshelley.com\/termek\/amnezia-trilogia-csomag\/"]}]},{"@type":"ImageObject","inLanguage":"en-US","@id":"https:\/\/duncanshelley.com\/termek\/amnezia-trilogia-csomag\/#primaryimage","url":"https:\/\/duncanshelley.com\/wp-content\/uploads\/amnezia-trilogia-2.jpg","contentUrl":"https:\/\/duncanshelley.com\/wp-content\/uploads\/amnezia-trilogia-2.jpg","width":300,"height":475,"caption":"amnezia-csomag"},{"@type":"BreadcrumbList","@id":"https:\/\/duncanshelley.com\/termek\/amnezia-trilogia-csomag\/#breadcrumb","itemListElement":[{"@type":"ListItem","position":1,"name":"Kezd\u0151lap","item":"https:\/\/duncanshelley.com\/"},{"@type":"ListItem","position":2,"name":"Webshop","item":"https:\/\/duncanshelley.com\/webshop\/"},{"@type":"ListItem","position":3,"name":"Duncan Shelley: Amn\u00e9zia tril\u00f3gia csomag"}]},{"@type":"WebSite","@id":"https:\/\/duncanshelley.com\/#website","url":"https:\/\/duncanshelley.com\/","name":"Duncan Shelley K\u00f6nyvesbolt","description":"","potentialAction":[{"@type":"SearchAction","target":{"@type":"EntryPoint","urlTemplate":"https:\/\/duncanshelley.com\/?s={search_term_string}"},"query-input":{"@type":"PropertyValueSpecification","valueRequired":true,"valueName":"search_term_string"}}],"inLanguage":"en-US"}]}},"_links":{"self":[{"href":"https:\/\/duncanshelley.com\/en\/wp-json\/wp\/v2\/product\/666","targetHints":{"allow":["GET"]}}],"collection":[{"href":"https:\/\/duncanshelley.com\/en\/wp-json\/wp\/v2\/product"}],"about":[{"href":"https:\/\/duncanshelley.com\/en\/wp-json\/wp\/v2\/types\/product"}],"replies":[{"embeddable":true,"href":"https:\/\/duncanshelley.com\/en\/wp-json\/wp\/v2\/comments?post=666"}],"wp:featuredmedia":[{"embeddable":true,"href":"https:\/\/duncanshelley.com\/en\/wp-json\/wp\/v2\/media\/8622"}],"wp:attachment":[{"href":"https:\/\/duncanshelley.com\/en\/wp-json\/wp\/v2\/media?parent=666"}],"wp:term":[{"taxonomy":"product_brand","embeddable":true,"href":"https:\/\/duncanshelley.com\/en\/wp-json\/wp\/v2\/product_brand?post=666"},{"taxonomy":"product_cat","embeddable":true,"href":"https:\/\/duncanshelley.com\/en\/wp-json\/wp\/v2\/product_cat?post=666"},{"taxonomy":"product_tag","embeddable":true,"href":"https:\/\/duncanshelley.com\/en\/wp-json\/wp\/v2\/product_tag?post=666"}],"curies":[{"name":"wp","href":"https:\/\/api.w.org\/{rel}","templated":true}]}}