{"id":583,"date":"2019-09-29T14:39:44","date_gmt":"2019-09-29T12:39:44","guid":{"rendered":"https:\/\/brookskiado.hu\/?post_type=product&#038;p=583"},"modified":"2025-09-10T22:07:00","modified_gmt":"2025-09-10T20:07:00","slug":"duncan-shelley-amnezia-iii-rejtozkodo","status":"publish","type":"product","link":"https:\/\/duncanshelley.com\/en\/product\/duncan-shelley-amnezia-iii-rejtozkodo\/","title":{"rendered":"Duncan Shelley: A rejt\u0151zk\u00f6d\u0151 (Amn\u00e9zia III.)"},"content":{"rendered":"<p>A rejt\u0151zk\u00f6d\u0151 az <strong><a href=\"https:\/\/duncanshelley.com\/en\/product\/amnezia-trilogia-csomag\/\" target=\"_blank\" rel=\"noopener\">Amn\u00e9zia tril\u00f3gia<\/a><\/strong> harmadik k\u00f6tete.<\/p>\n<p>Mi t\u00f6rt\u00e9nt a vil\u00e1ggal? Mi\u00e9rt t\u00f6rt\u00e9nt? Sz\u00e1nd\u00e9kos volt? Vagy v\u00e9letlen? Aljas indokb\u00f3l tett\u00e9k, vagy r\u00e1szolg\u00e1ltunk? Ezt a hatalmas rejt\u00e9lyt r\u00e9buszokba csomagolt\u00e1k, \u00e9s elrejtett\u00e9k egy tal\u00e1ny m\u00e9ly\u00e9re.<\/p>\n<p>Garrett, Marcus, Josie \u00e9s Iceman egyre r\u00f6vid\u00fcl\u0151 eml\u00e9kezettel kutatnak az emberis\u00e9g ellens\u00e9gei ut\u00e1n, zavaros hivatkoz\u00e1sokon \u00e1t, melyek olyan esem\u00e9nyekre \u00e9s nevekre mutatnak, amikre m\u00e1r senki sem eml\u00e9kszik a F\u00f6ld\u00f6n.<\/p>\n<p>Tal\u00e1n nincs is igazs\u00e1g. Tal\u00e1n valaki m\u00e9gis eml\u00e9kszik mindenre, \u00e9s hazudik, mint a v\u00edzfoly\u00e1s.<\/p>","protected":false},"excerpt":{"rendered":"<p><strong>A rejt\u0151zk\u00f6d\u0151<\/strong><br \/>\nA tril\u00f3gia harmadik k\u00f6tete<br \/>\n<strong>M\u0171faj<\/strong>: sci-fi<br \/>\n<strong>Oldalsz\u00e1m<\/strong>: 360<br \/>\n<strong>Kiad\u00e1s<\/strong> <strong>\u00e9ve<\/strong>: 2014<\/p>\n<p>Mi t\u00f6rt\u00e9nik akkor, ha valaki nagyon fiatalon, egy apr\u00f3s\u00e1g lefejleszt\u00e9s\u00e9nek k\u00f6vetkezt\u00e9ben, szinte v\u00e9letlen\u00fcl doll\u00e1rmilli\u00e1rdos lesz, \u00e9s a tech vil\u00e1g meghat\u00e1roz\u00f3 alakj\u00e1v\u00e1 v\u00e1lik?<\/p>\n<p>Hov\u00e1 vezet a szinte korl\u00e1tlan p\u00e9nz, az istenkomplexus \u00e9s a g\u00f6rcs\u00f6s bizony\u00edt\u00e1si v\u00e1gy, felel\u0151ss\u00e9gtudat, \u00e9lettapasztalat \u00e9s megfontolts\u00e1g n\u00e9lk\u00fcl?<\/p>\n<p>Tal\u00e1n a F\u00f6ld pokoll\u00e1 v\u00e1lik egy f\u00e9lrement megalom\u00e1n k\u00eds\u00e9rlet k\u00f6vetkezt\u00e9ben.<\/p>\n<p>Garrett \u00e9s bar\u00e1tai r\u00e1tal\u00e1lnak valakire, aki az oka az amn\u00e9zi\u00e1nak, \u00e9s aki soha nem felejt.<\/p>\n<p>Legal\u00e1bbis saj\u00e1t bevall\u00e1sa szerint.<\/p>\n<p>Tal\u00e1n igaz. Tal\u00e1n egy \u00fajabb csal\u00f3, aki messi\u00e1s szerepre v\u00e1gyik.<\/p>","protected":false},"featured_media":8605,"comment_status":"closed","ping_status":"closed","template":"","meta":{"_acf_changed":false,"_genesis_hide_title":false,"_genesis_hide_breadcrumbs":false,"_genesis_hide_singular_image":false,"_genesis_hide_footer_widgets":false,"_genesis_custom_body_class":"","_genesis_custom_post_class":"","_genesis_layout":""},"product_brand":[],"product_cat":[16],"product_tag":[],"class_list":{"0":"post-583","1":"product","2":"type-product","3":"status-publish","4":"has-post-thumbnail","6":"product_cat-thriller-konyvek","7":"entry","9":"first","10":"instock","11":"taxable","12":"shipping-taxable","13":"purchasable","14":"product-type-simple"},"acf":[],"yoast_head":"<!-- This site is optimized with the Yoast SEO Premium plugin v27.4 (Yoast SEO v27.4) - https:\/\/yoast.com\/product\/yoast-seo-premium-wordpress\/ -->\n<title>Duncan Shelley: A rejt\u0151zk\u00f6d\u0151 (Amn\u00e9zia III.) - Duncan Shelley K\u00f6nyvesbolt<\/title>\n<meta name=\"description\" content=\"Duncan Shelley leg\u00fajabb thriller sorozat\u00e1nak utols\u00f3 r\u00e9sze az Amn\u00e9zia 3. - A rejt\u0151zk\u00f6d\u0151 c\u00edmmel, a Brooks Kiad\u00f3 kiad\u00e1s\u00e1ban.\" \/>\n<meta name=\"robots\" content=\"index, follow, max-snippet:-1, max-image-preview:large, max-video-preview:-1\" \/>\n<link rel=\"canonical\" href=\"https:\/\/duncanshelley.com\/en\/product\/duncan-shelley-amnezia-iii-rejtozkodo\/\" \/>\n<meta property=\"og:locale\" content=\"en_US\" \/>\n<meta property=\"og:type\" content=\"article\" \/>\n<meta property=\"og:title\" content=\"Duncan Shelley: A rejt\u0151zk\u00f6d\u0151 (Amn\u00e9zia III.)\" \/>\n<meta property=\"og:description\" content=\"Duncan Shelley leg\u00fajabb thriller sorozat\u00e1nak utols\u00f3 r\u00e9sze az Amn\u00e9zia 3. - A rejt\u0151zk\u00f6d\u0151 c\u00edmmel, a Brooks Kiad\u00f3 kiad\u00e1s\u00e1ban.\" \/>\n<meta property=\"og:url\" content=\"https:\/\/duncanshelley.com\/en\/product\/duncan-shelley-amnezia-iii-rejtozkodo\/\" \/>\n<meta property=\"og:site_name\" content=\"Duncan Shelley K\u00f6nyvesbolt\" \/>\n<meta property=\"article:modified_time\" content=\"2025-09-10T20:07:00+00:00\" \/>\n<meta property=\"og:image\" content=\"https:\/\/duncanshelley.com\/wp-content\/uploads\/amnezia-3.jpg\" \/>\n\t<meta property=\"og:image:width\" content=\"300\" \/>\n\t<meta property=\"og:image:height\" content=\"475\" \/>\n\t<meta property=\"og:image:type\" content=\"image\/jpeg\" \/>\n<meta name=\"twitter:label1\" content=\"Est. reading time\" \/>\n\t<meta name=\"twitter:data1\" content=\"1 minute\" \/>\n<script type=\"application\/ld+json\" class=\"yoast-schema-graph\">{\"@context\":\"https:\\\/\\\/schema.org\",\"@graph\":[{\"@type\":\"WebPage\",\"@id\":\"https:\\\/\\\/duncanshelley.com\\\/termek\\\/duncan-shelley-amnezia-iii-rejtozkodo\\\/\",\"url\":\"https:\\\/\\\/duncanshelley.com\\\/termek\\\/duncan-shelley-amnezia-iii-rejtozkodo\\\/\",\"name\":\"Duncan Shelley: A rejt\u0151zk\u00f6d\u0151 (Amn\u00e9zia III.) - Duncan Shelley K\u00f6nyvesbolt\",\"isPartOf\":{\"@id\":\"https:\\\/\\\/duncanshelley.com\\\/#website\"},\"primaryImageOfPage\":{\"@id\":\"https:\\\/\\\/duncanshelley.com\\\/termek\\\/duncan-shelley-amnezia-iii-rejtozkodo\\\/#primaryimage\"},\"image\":{\"@id\":\"https:\\\/\\\/duncanshelley.com\\\/termek\\\/duncan-shelley-amnezia-iii-rejtozkodo\\\/#primaryimage\"},\"thumbnailUrl\":\"https:\\\/\\\/duncanshelley.com\\\/wp-content\\\/uploads\\\/amnezia-3.jpg\",\"datePublished\":\"2019-09-29T12:39:44+00:00\",\"dateModified\":\"2025-09-10T20:07:00+00:00\",\"description\":\"Duncan Shelley leg\u00fajabb thriller sorozat\u00e1nak utols\u00f3 r\u00e9sze az Amn\u00e9zia 3. - A rejt\u0151zk\u00f6d\u0151 c\u00edmmel, a Brooks Kiad\u00f3 kiad\u00e1s\u00e1ban.\",\"breadcrumb\":{\"@id\":\"https:\\\/\\\/duncanshelley.com\\\/termek\\\/duncan-shelley-amnezia-iii-rejtozkodo\\\/#breadcrumb\"},\"inLanguage\":\"en-US\",\"potentialAction\":[{\"@type\":\"ReadAction\",\"target\":[\"https:\\\/\\\/duncanshelley.com\\\/termek\\\/duncan-shelley-amnezia-iii-rejtozkodo\\\/\"]}]},{\"@type\":\"ImageObject\",\"inLanguage\":\"en-US\",\"@id\":\"https:\\\/\\\/duncanshelley.com\\\/termek\\\/duncan-shelley-amnezia-iii-rejtozkodo\\\/#primaryimage\",\"url\":\"https:\\\/\\\/duncanshelley.com\\\/wp-content\\\/uploads\\\/amnezia-3.jpg\",\"contentUrl\":\"https:\\\/\\\/duncanshelley.com\\\/wp-content\\\/uploads\\\/amnezia-3.jpg\",\"width\":300,\"height\":475,\"caption\":\"rejt\u0151zk\u00f6d\u0151\"},{\"@type\":\"BreadcrumbList\",\"@id\":\"https:\\\/\\\/duncanshelley.com\\\/termek\\\/duncan-shelley-amnezia-iii-rejtozkodo\\\/#breadcrumb\",\"itemListElement\":[{\"@type\":\"ListItem\",\"position\":1,\"name\":\"Kezd\u0151lap\",\"item\":\"https:\\\/\\\/duncanshelley.com\\\/\"},{\"@type\":\"ListItem\",\"position\":2,\"name\":\"Webshop\",\"item\":\"https:\\\/\\\/duncanshelley.com\\\/webshop\\\/\"},{\"@type\":\"ListItem\",\"position\":3,\"name\":\"Duncan Shelley: A rejt\u0151zk\u00f6d\u0151 (Amn\u00e9zia III.)\"}]},{\"@type\":\"WebSite\",\"@id\":\"https:\\\/\\\/duncanshelley.com\\\/#website\",\"url\":\"https:\\\/\\\/duncanshelley.com\\\/\",\"name\":\"Duncan Shelley K\u00f6nyvesbolt\",\"description\":\"\",\"potentialAction\":[{\"@type\":\"SearchAction\",\"target\":{\"@type\":\"EntryPoint\",\"urlTemplate\":\"https:\\\/\\\/duncanshelley.com\\\/?s={search_term_string}\"},\"query-input\":{\"@type\":\"PropertyValueSpecification\",\"valueRequired\":true,\"valueName\":\"search_term_string\"}}],\"inLanguage\":\"en-US\"}]}<\/script>\n<!-- \/ Yoast SEO Premium plugin. -->","yoast_head_json":{"title":"Duncan Shelley: A rejt\u0151zk\u00f6d\u0151 (Amn\u00e9zia III.) - Duncan Shelley K\u00f6nyvesbolt","description":"Duncan Shelley leg\u00fajabb thriller sorozat\u00e1nak utols\u00f3 r\u00e9sze az Amn\u00e9zia 3. - A rejt\u0151zk\u00f6d\u0151 c\u00edmmel, a Brooks Kiad\u00f3 kiad\u00e1s\u00e1ban.","robots":{"index":"index","follow":"follow","max-snippet":"max-snippet:-1","max-image-preview":"max-image-preview:large","max-video-preview":"max-video-preview:-1"},"canonical":"https:\/\/duncanshelley.com\/en\/product\/duncan-shelley-amnezia-iii-rejtozkodo\/","og_locale":"en_US","og_type":"article","og_title":"Duncan Shelley: A rejt\u0151zk\u00f6d\u0151 (Amn\u00e9zia III.)","og_description":"Duncan Shelley leg\u00fajabb thriller sorozat\u00e1nak utols\u00f3 r\u00e9sze az Amn\u00e9zia 3. - A rejt\u0151zk\u00f6d\u0151 c\u00edmmel, a Brooks Kiad\u00f3 kiad\u00e1s\u00e1ban.","og_url":"https:\/\/duncanshelley.com\/en\/product\/duncan-shelley-amnezia-iii-rejtozkodo\/","og_site_name":"Duncan Shelley K\u00f6nyvesbolt","article_modified_time":"2025-09-10T20:07:00+00:00","og_image":[{"width":300,"height":475,"url":"https:\/\/duncanshelley.com\/wp-content\/uploads\/amnezia-3.jpg","type":"image\/jpeg"}],"twitter_misc":{"Est. reading time":"1 minute"},"schema":{"@context":"https:\/\/schema.org","@graph":[{"@type":"WebPage","@id":"https:\/\/duncanshelley.com\/termek\/duncan-shelley-amnezia-iii-rejtozkodo\/","url":"https:\/\/duncanshelley.com\/termek\/duncan-shelley-amnezia-iii-rejtozkodo\/","name":"Duncan Shelley: A rejt\u0151zk\u00f6d\u0151 (Amn\u00e9zia III.) - Duncan Shelley K\u00f6nyvesbolt","isPartOf":{"@id":"https:\/\/duncanshelley.com\/#website"},"primaryImageOfPage":{"@id":"https:\/\/duncanshelley.com\/termek\/duncan-shelley-amnezia-iii-rejtozkodo\/#primaryimage"},"image":{"@id":"https:\/\/duncanshelley.com\/termek\/duncan-shelley-amnezia-iii-rejtozkodo\/#primaryimage"},"thumbnailUrl":"https:\/\/duncanshelley.com\/wp-content\/uploads\/amnezia-3.jpg","datePublished":"2019-09-29T12:39:44+00:00","dateModified":"2025-09-10T20:07:00+00:00","description":"Duncan Shelley leg\u00fajabb thriller sorozat\u00e1nak utols\u00f3 r\u00e9sze az Amn\u00e9zia 3. - A rejt\u0151zk\u00f6d\u0151 c\u00edmmel, a Brooks Kiad\u00f3 kiad\u00e1s\u00e1ban.","breadcrumb":{"@id":"https:\/\/duncanshelley.com\/termek\/duncan-shelley-amnezia-iii-rejtozkodo\/#breadcrumb"},"inLanguage":"en-US","potentialAction":[{"@type":"ReadAction","target":["https:\/\/duncanshelley.com\/termek\/duncan-shelley-amnezia-iii-rejtozkodo\/"]}]},{"@type":"ImageObject","inLanguage":"en-US","@id":"https:\/\/duncanshelley.com\/termek\/duncan-shelley-amnezia-iii-rejtozkodo\/#primaryimage","url":"https:\/\/duncanshelley.com\/wp-content\/uploads\/amnezia-3.jpg","contentUrl":"https:\/\/duncanshelley.com\/wp-content\/uploads\/amnezia-3.jpg","width":300,"height":475,"caption":"rejt\u0151zk\u00f6d\u0151"},{"@type":"BreadcrumbList","@id":"https:\/\/duncanshelley.com\/termek\/duncan-shelley-amnezia-iii-rejtozkodo\/#breadcrumb","itemListElement":[{"@type":"ListItem","position":1,"name":"Kezd\u0151lap","item":"https:\/\/duncanshelley.com\/"},{"@type":"ListItem","position":2,"name":"Webshop","item":"https:\/\/duncanshelley.com\/webshop\/"},{"@type":"ListItem","position":3,"name":"Duncan Shelley: A rejt\u0151zk\u00f6d\u0151 (Amn\u00e9zia III.)"}]},{"@type":"WebSite","@id":"https:\/\/duncanshelley.com\/#website","url":"https:\/\/duncanshelley.com\/","name":"Duncan Shelley K\u00f6nyvesbolt","description":"","potentialAction":[{"@type":"SearchAction","target":{"@type":"EntryPoint","urlTemplate":"https:\/\/duncanshelley.com\/?s={search_term_string}"},"query-input":{"@type":"PropertyValueSpecification","valueRequired":true,"valueName":"search_term_string"}}],"inLanguage":"en-US"}]}},"_links":{"self":[{"href":"https:\/\/duncanshelley.com\/en\/wp-json\/wp\/v2\/product\/583","targetHints":{"allow":["GET"]}}],"collection":[{"href":"https:\/\/duncanshelley.com\/en\/wp-json\/wp\/v2\/product"}],"about":[{"href":"https:\/\/duncanshelley.com\/en\/wp-json\/wp\/v2\/types\/product"}],"replies":[{"embeddable":true,"href":"https:\/\/duncanshelley.com\/en\/wp-json\/wp\/v2\/comments?post=583"}],"wp:featuredmedia":[{"embeddable":true,"href":"https:\/\/duncanshelley.com\/en\/wp-json\/wp\/v2\/media\/8605"}],"wp:attachment":[{"href":"https:\/\/duncanshelley.com\/en\/wp-json\/wp\/v2\/media?parent=583"}],"wp:term":[{"taxonomy":"product_brand","embeddable":true,"href":"https:\/\/duncanshelley.com\/en\/wp-json\/wp\/v2\/product_brand?post=583"},{"taxonomy":"product_cat","embeddable":true,"href":"https:\/\/duncanshelley.com\/en\/wp-json\/wp\/v2\/product_cat?post=583"},{"taxonomy":"product_tag","embeddable":true,"href":"https:\/\/duncanshelley.com\/en\/wp-json\/wp\/v2\/product_tag?post=583"}],"curies":[{"name":"wp","href":"https:\/\/api.w.org\/{rel}","templated":true}]}}